{"id":815,"date":"2017-06-29T20:21:27","date_gmt":"2017-06-29T19:21:27","guid":{"rendered":"http:\/\/hundertweinhaus.fodof.eu\/?page_id=815"},"modified":"2019-06-27T19:42:49","modified_gmt":"2019-06-27T18:42:49","slug":"eger","status":"publish","type":"page","link":"https:\/\/hundertweinhaus.com\/?page_id=815","title":{"rendered":"Eger"},"content":{"rendered":"<p>[et_pb_section fb_built=&#8221;1&#8243; admin_label=&#8221;section&#8221; _builder_version=&#8221;3.22.3&#8243;][et_pb_row custom_padding=&#8221;88px|0px|110px|0px&#8221; _builder_version=&#8221;3.25&#8243; background_size=&#8221;initial&#8221; background_position=&#8221;top_left&#8221; background_repeat=&#8221;repeat&#8221;][et_pb_column type=&#8221;4_4&#8243; _builder_version=&#8221;3.25&#8243; custom_padding=&#8221;|||&#8221; custom_padding__hover=&#8221;|||&#8221;][et_pb_text _builder_version=&#8221;3.0.74&#8243; text_font=&#8221;Raleway Light||||&#8221; text_text_color=&#8221;#952742&#8243; text_font_size=&#8221;66px&#8221; header_font_size=&#8221;76px&#8221; background_size=&#8221;initial&#8221; background_position=&#8221;top_left&#8221; background_repeat=&#8221;repeat&#8221; text_orientation=&#8221;center&#8221; module_alignment=&#8221;center&#8221;]<\/p>\n<p class=\"\" style=\"text-align: center;\">EGER<\/p>\n<p>[\/et_pb_text][\/et_pb_column][\/et_pb_row][et_pb_row _builder_version=&#8221;3.25&#8243; background_size=&#8221;initial&#8221; background_position=&#8221;top_left&#8221; background_repeat=&#8221;repeat&#8221; column_structure=&#8221;1_3,1_3,1_3&#8243;][et_pb_column type=&#8221;1_3&#8243; _builder_version=&#8221;3.25&#8243; custom_padding=&#8221;|||&#8221; custom_padding__hover=&#8221;|||&#8221;][et_pb_circle_counter title=&#8221;GESAMTFL\u00c4CHE DER WEINGEGEND IN HA&#8221; number=&#8221;22342 HA&#8221; percent_sign=&#8221;off&#8221; bar_bg_color=&#8221;#952742&#8243; circle_color=&#8221;#F6ECDF&#8221; circle_color_alpha=&#8221;0.9&#8243; _builder_version=&#8221;3.0.47&#8243; title_font=&#8221;||||&#8221; title_text_color=&#8221;#952742&#8243; title_font_size=&#8221;19px&#8221; number_font=&#8221;Open Sans Light||||&#8221; number_text_color=&#8221;#952742&#8243;][\/et_pb_circle_counter][\/et_pb_column][et_pb_column type=&#8221;1_3&#8243; _builder_version=&#8221;3.25&#8243; custom_padding=&#8221;|||&#8221; custom_padding__hover=&#8221;|||&#8221;][et_pb_circle_counter title=&#8221;NACH DER ERFASSUNG DER BERGSIEDLUNG&#8221; number=&#8221;4395 HA&#8221; percent_sign=&#8221;off&#8221; bar_bg_color=&#8221;#952742&#8243; circle_color=&#8221;#F6ECDF&#8221; circle_color_alpha=&#8221;0.9&#8243; _builder_version=&#8221;3.0.47&#8243; title_font=&#8221;||||&#8221; title_text_color=&#8221;#952742&#8243; title_font_size=&#8221;19px&#8221; number_font=&#8221;Open Sans Light||||&#8221; number_text_color=&#8221;#952742&#8243;][\/et_pb_circle_counter][\/et_pb_column][et_pb_column type=&#8221;1_3&#8243; _builder_version=&#8221;3.25&#8243; custom_padding=&#8221;|||&#8221; custom_padding__hover=&#8221;|||&#8221;][et_pb_circle_counter title=&#8221;ANZAHL DER ZUR WEINGEGEND GEH\u00d6RENDEN GEMEINDEN&#8221; number=&#8221;18&#8243; percent_sign=&#8221;off&#8221; bar_bg_color=&#8221;#952742&#8243; circle_color=&#8221;#F6ECDF&#8221; circle_color_alpha=&#8221;0.9&#8243; _builder_version=&#8221;3.0.47&#8243; title_font=&#8221;||||&#8221; title_text_color=&#8221;#952742&#8243; title_font_size=&#8221;19px&#8221; number_font=&#8221;Open Sans Light||||&#8221; number_text_color=&#8221;#952742&#8243;][\/et_pb_circle_counter][\/et_pb_column][\/et_pb_row][et_pb_row admin_label=&#8221;row&#8221; _builder_version=&#8221;3.25&#8243; background_size=&#8221;initial&#8221; background_position=&#8221;top_left&#8221; background_repeat=&#8221;repeat&#8221;][et_pb_column type=&#8221;4_4&#8243; _builder_version=&#8221;3.25&#8243; custom_padding=&#8221;|||&#8221; custom_padding__hover=&#8221;|||&#8221;][et_pb_divider color=&#8221;#952742&#8243; divider_position=&#8221;center&#8221; disabled_on=&#8221;on|on|off&#8221; _builder_version=&#8221;3.2&#8243;][\/et_pb_divider][\/et_pb_column][\/et_pb_row][et_pb_row _builder_version=&#8221;3.25&#8243; background_size=&#8221;initial&#8221; background_position=&#8221;top_left&#8221; background_repeat=&#8221;repeat&#8221; column_structure=&#8221;1_2,1_2&#8243;][et_pb_column type=&#8221;1_2&#8243; _builder_version=&#8221;3.25&#8243; custom_padding=&#8221;|||&#8221; custom_padding__hover=&#8221;|||&#8221;][et_pb_text _builder_version=&#8221;3.0.74&#8243; text_text_color=&#8221;#701a37&#8243; header_text_color=&#8221;#952742&#8243; header_font_size=&#8221;26px&#8221; header_line_height=&#8221;1.6em&#8221; background_color=&#8221;rgba(204,204,204,0)&#8221; background_size=&#8221;initial&#8221; background_position=&#8221;top_left&#8221; background_repeat=&#8221;repeat&#8221;]<\/p>\n<h1 style=\"text-align: justify;\">Geographische Lage<\/h1>\n<p class=\"\" style=\"text-align: justify;\">Eger liegt zwischen den Gebirgen M\u00e1tra und B\u00fckk, auf der Linie des Treffens des N\u00f6rdlichen Mittelgebirges und der Grossen Ungarischen Tiefebene, 160-180 Meter hoch \u00fc.d.M. Vom Osten und Westen wird das Tal von Eger von 2-300 Meter hohen H\u00fcgeln umgeben.<br \/>\nNord\u00f6stlich von der Stadt liegt die grosse Fl\u00e4che vom Berg Nagy-Eged, welcher mehr als 500 Meter hoch ist. Der Berg Eged erstreckt sich in ostwestlicher Richtung lang und diese Seite des Berges liegt nach S\u00fcden.<\/p>\n<p>[\/et_pb_text][\/et_pb_column][et_pb_column type=&#8221;1_2&#8243; _builder_version=&#8221;3.25&#8243; custom_padding=&#8221;|||&#8221; custom_padding__hover=&#8221;|||&#8221;][et_pb_image src=&#8221;\/wp-content\/uploads\/2017\/03\/Eger.png&#8221; align=&#8221;center&#8221; align_tablet=&#8221;center&#8221; align_last_edited=&#8221;on|desktop&#8221; _builder_version=&#8221;3.23&#8243; animation_style=&#8221;slide&#8221; animation_direction=&#8221;bottom&#8221; animation_duration=&#8221;500ms&#8221; animation_intensity_slide=&#8221;10%&#8221; border_style=&#8221;solid&#8221; animation=&#8221;bottom&#8221; sticky=&#8221;off&#8221; always_center_on_mobile=&#8221;on&#8221;][\/et_pb_image][\/et_pb_column][\/et_pb_row][et_pb_row custom_margin=&#8221;|||&#8221; _builder_version=&#8221;3.25&#8243; background_color=&#8221;rgba(246,236,223,0)&#8221; background_size=&#8221;initial&#8221; background_position=&#8221;top_left&#8221; background_repeat=&#8221;repeat&#8221; column_structure=&#8221;1_3,1_3,1_3&#8243;][et_pb_column type=&#8221;1_3&#8243; _builder_version=&#8221;3.25&#8243; custom_padding=&#8221;|||&#8221; custom_padding__hover=&#8221;|||&#8221;][et_pb_number_counter title=&#8221;NIEDERSCHLAGSMENGE IN MM&#8221; number=&#8221;593&#8243; percent_sign=&#8221;off&#8221; _builder_version=&#8221;3.0.47&#8243; title_text_color=&#8221;#952742&#8243; number_font=&#8221;Open Sans Light||||&#8221; number_text_color=&#8221;#952742&#8243; background_size=&#8221;initial&#8221; background_position=&#8221;top_left&#8221; background_repeat=&#8221;repeat&#8221;][\/et_pb_number_counter][\/et_pb_column][et_pb_column type=&#8221;1_3&#8243; _builder_version=&#8221;3.25&#8243; custom_padding=&#8221;|||&#8221; custom_padding__hover=&#8221;|||&#8221;][et_pb_number_counter title=&#8221;SONNENSTUNDEN IN JAHR\/STUNDEN&#8221; number=&#8221;1964&#8243; percent_sign=&#8221;off&#8221; _builder_version=&#8221;3.0.47&#8243; title_text_color=&#8221;#952742&#8243; number_font=&#8221;Open Sans Light||||&#8221; number_text_color=&#8221;#952742&#8243; background_size=&#8221;initial&#8221; background_position=&#8221;top_left&#8221; background_repeat=&#8221;repeat&#8221;][\/et_pb_number_counter][\/et_pb_column][et_pb_column type=&#8221;1_3&#8243; _builder_version=&#8221;3.25&#8243; custom_padding=&#8221;|||&#8221; custom_padding__hover=&#8221;|||&#8221;][et_pb_number_counter title=&#8221;JAHRESMITTELTEMPERATUR IN \u00b0C&#8221; number=&#8221;10.65&#8243; percent_sign=&#8221;off&#8221; _builder_version=&#8221;3.0.47&#8243; title_text_color=&#8221;#952742&#8243; number_font=&#8221;Open Sans Light||||&#8221; number_text_color=&#8221;#952742&#8243; background_size=&#8221;initial&#8221; background_position=&#8221;top_left&#8221; background_repeat=&#8221;repeat&#8221;][\/et_pb_number_counter][\/et_pb_column][\/et_pb_row][et_pb_row custom_padding=&#8221;27px|0px|27px|0px&#8221; _builder_version=&#8221;3.25&#8243; background_size=&#8221;initial&#8221; background_position=&#8221;top_left&#8221; background_repeat=&#8221;repeat&#8221;][et_pb_column type=&#8221;4_4&#8243; _builder_version=&#8221;3.25&#8243; custom_padding=&#8221;|||&#8221; custom_padding__hover=&#8221;|||&#8221;][et_pb_text _builder_version=&#8221;3.0.74&#8243; text_text_color=&#8221;#701a37&#8243; header_text_color=&#8221;#952742&#8243; header_font_size=&#8221;26px&#8221; header_line_height=&#8221;1.6em&#8221; background_color=&#8221;rgba(204,204,204,0)&#8221; background_size=&#8221;initial&#8221; background_position=&#8221;top_left&#8221; background_repeat=&#8221;repeat&#8221;]<\/p>\n<p style=\"font-size: 22px; line-height: normal; font-family: 'Open Sans'; color: #333333; -webkit-text-stroke-color: #333333; -webkit-text-stroke-width: initial; background-color: #ffffff;\"><span style=\"font-kerning: none;\">Klima<\/span><\/p>\n<p style=\"font-size: 14px; line-height: normal; font-family: 'Open Sans'; color: #666666; -webkit-text-stroke-color: #666666; -webkit-text-stroke-width: initial; background-color: #ffffff; text-align: justify;\"><span style=\"font-kerning: none;\">Der 47j\u00e4hrige Durchschnitt der charakteristischen meteorologischen Daten des Weingebietes ist wie folgt: j\u00e4hrliche Mitteltemperatur: 10.65 \u00b0C, Durchschnitt der j\u00e4hrlichen Niederschlagsmenge: 592.6 mm, Jahresdurchschnitt der Sonnenstunden: 1964 Stunden<\/span><\/p>\n<p><span style=\"font-kerning: none;\">\u00a0<\/span><br \/>\n[\/et_pb_text][\/et_pb_column][\/et_pb_row][et_pb_row _builder_version=&#8221;3.25&#8243; background_size=&#8221;initial&#8221; background_position=&#8221;top_left&#8221; background_repeat=&#8221;repeat&#8221; column_structure=&#8221;1_2,1_2&#8243;][et_pb_column type=&#8221;1_2&#8243; _builder_version=&#8221;3.25&#8243; custom_padding=&#8221;|||&#8221; custom_padding__hover=&#8221;|||&#8221;][et_pb_text _builder_version=&#8221;3.0.74&#8243; text_text_color=&#8221;#701a37&#8243; header_text_color=&#8221;#952742&#8243; header_font_size=&#8221;26px&#8221; header_line_height=&#8221;1.6em&#8221; background_color=&#8221;rgba(204,204,204,0)&#8221; background_size=&#8221;initial&#8221; background_position=&#8221;top_left&#8221; background_repeat=&#8221;repeat&#8221;]<\/p>\n<p style=\"text-align: justify; font-size: 22px; line-height: normal; font-family: 'Open Sans'; color: #333333; -webkit-text-stroke-color: #333333; -webkit-text-stroke-width: initial; background-color: #ffffff;\"><span style=\"font-kerning: none;\">Boden<\/span><\/p>\n<p style=\"text-align: justify; font-size: 14px; line-height: normal; font-family: 'Open Sans'; color: #666666; -webkit-text-stroke-color: #666666; -webkit-text-stroke-width: initial; background-color: #ffffff;\"><span style=\"font-kerning: none;\">Der Boden der zum geographischen Namen Eger geh\u00f6renden Weinbaugebiete ist bis auf den an der Grenze der Gemeinden Verpelet, Feldebr\u00f6, Aldebr\u00f6, Tofalu befindlichen Ausand eine Art brauner Walderde (eine Mischung aus Ramman, Dammerde; mit neutraler chemischer Wirkung, erodiert), welche auf Riolittuff vulkanischen Ursprungs entstand. Die Plantagen befinden sich bis auf ein-zwei St\u00fcck auf Hochebenen sowie auf deren milden Geh\u00e4ngen mit s\u00fcdlicher, westlicher und \u00f6stlicher Lage, daraus heben sich der Berg Nagy-Eged mit auf Meereskalksteinablagerungen entstandener brauner Walderde und der Berg Mesz (Kalk) auf Andesitbasis hervor. Die Eignung des sich herausgebildeten Bodens f\u00fcr Weinbau erh\u00f6t das g\u00fcnstige Relief der Stadtgrenze. Die Weinreben werden auf den s\u00fcdlichen, s\u00fcdwestlichen Geh\u00e4ngen der Berge und H\u00fcgel, auf den sogenannten &#8220;Verok&#8221; angebaut.<\/span><\/p>\n<p><span style=\"font-kerning: none;\">\u00a0<\/span><\/p>\n<p><span style=\"font-kerning: none;\">\u00a0<\/span><br \/>\n[\/et_pb_text][\/et_pb_column][et_pb_column type=&#8221;1_2&#8243; _builder_version=&#8221;3.25&#8243; custom_padding=&#8221;|||&#8221; custom_padding__hover=&#8221;|||&#8221;][et_pb_image src=&#8221;https:\/\/hundertweinhaus.com\/wp-content\/uploads\/2017\/02\/thummerer-chardonay.png&#8221; align=&#8221;center&#8221; align_tablet=&#8221;center&#8221; align_last_edited=&#8221;on|desktop&#8221; _builder_version=&#8221;3.25.3&#8243; border_style=&#8221;solid&#8221; animation=&#8221;off&#8221; sticky=&#8221;off&#8221; always_center_on_mobile=&#8221;on&#8221;][\/et_pb_image][\/et_pb_column][\/et_pb_row][et_pb_row custom_padding=&#8221;27px|0px|27px|0px&#8221; _builder_version=&#8221;3.25&#8243; background_size=&#8221;initial&#8221; background_position=&#8221;top_left&#8221; background_repeat=&#8221;repeat&#8221;][et_pb_column type=&#8221;4_4&#8243; _builder_version=&#8221;3.25&#8243; custom_padding=&#8221;|||&#8221; custom_padding__hover=&#8221;|||&#8221;][et_pb_text _builder_version=&#8221;3.0.74&#8243; text_text_color=&#8221;#701a37&#8243; header_text_color=&#8221;#952742&#8243; header_font_size=&#8221;26px&#8221; header_line_height=&#8221;1.6em&#8221; background_color=&#8221;rgba(204,204,204,0)&#8221; background_size=&#8221;initial&#8221; background_position=&#8221;top_left&#8221; background_repeat=&#8221;repeat&#8221;]<\/p>\n<p style=\"text-align: justify; font-size: 22px; line-height: normal; font-family: 'Open Sans'; color: #333333; -webkit-text-stroke-color: #333333; -webkit-text-stroke-width: initial; background-color: #ffffff;\"><span style=\"font-kerning: none;\">Gez\u00fcchtete Rebsorten<\/span><\/p>\n<p class=\"\" style=\"text-align: justify; font-size: 14px; line-height: normal; font-family: 'Open Sans'; color: #666666; -webkit-text-stroke-color: #666666; -webkit-text-stroke-width: initial; background-color: #ffffff;\"><span style=\"font-size: 14px; background-color: #ffffff; font-family: 'Open Sans', Arial, sans-serif;\">Weiss: Harslevelu, Olasz rizling, Ottonel muskotaly, Chardonnay; Sauvignon, Szurkebarat, Tramini. Zenit, Pinot blanc, Leanyka, <\/span><span style=\"font-size: 14px; background-color: #ffffff; font-family: 'Open Sans', Arial, sans-serif;\">Cserszegi fuszeres ,<\/span><span style=\"font-size: 14px; background-color: #ffffff; font-family: 'Open Sans', Arial, sans-serif;\">Pinot blanc, Rajnai rizling<\/span><\/p>\n<p class=\"\" style=\"text-align: justify; font-size: 14px; line-height: normal; font-family: 'Open Sans'; color: #666666; -webkit-text-stroke-color: #666666; -webkit-text-stroke-width: initial; background-color: #ffffff;\"><span style=\"font-size: 14px; -webkit-text-stroke-width: initial;\">Rot: Cabernet Franc, Cabernet Sauvignon, Kekfrankos, Pinot Noir<\/span><\/p>\n<p><span style=\"font-kerning: none;\">\u00a0<\/span><br \/>\n[\/et_pb_text][\/et_pb_column][\/et_pb_row][et_pb_row custom_padding=&#8221;27px|0px|27px|0px&#8221; _builder_version=&#8221;3.25&#8243; background_size=&#8221;initial&#8221; background_position=&#8221;top_left&#8221; background_repeat=&#8221;repeat&#8221;][et_pb_column type=&#8221;4_4&#8243; _builder_version=&#8221;3.25&#8243; custom_padding=&#8221;|||&#8221; custom_padding__hover=&#8221;|||&#8221;][et_pb_text _builder_version=&#8221;3.0.74&#8243; text_text_color=&#8221;#701a37&#8243; header_text_color=&#8221;#952742&#8243; header_font_size=&#8221;26px&#8221; header_line_height=&#8221;1.6em&#8221; background_color=&#8221;rgba(204,204,204,0)&#8221; background_size=&#8221;initial&#8221; background_position=&#8221;top_left&#8221; background_repeat=&#8221;repeat&#8221;]<\/p>\n<p style=\"text-align: justify; font-size: 22px; line-height: normal; font-family: 'Open Sans'; color: #333333; -webkit-text-stroke-color: #333333; -webkit-text-stroke-width: initial; background-color: #ffffff;\"><span style=\"font-kerning: none;\">Das feinste Sortiment<\/span><\/p>\n<p>[\/et_pb_text][et_pb_shop posts_number=&#8221;4&#8243; orderby=&#8221;menu_order&#8221; title_font_size=&#8221;19&#8243; price_font_size=&#8221;16&#8243;][\/et_pb_shop][\/et_pb_column][\/et_pb_row][\/et_pb_section]<\/p>\n","protected":false},"excerpt":{"rendered":"<p>EGER Geographische Lage Eger liegt zwischen den Gebirgen M\u00e1tra und B\u00fckk, auf der Linie des Treffens des N\u00f6rdlichen Mittelgebirges und der Grossen Ungarischen Tiefebene, 160-180 Meter hoch \u00fc.d.M. Vom Osten und Westen wird das Tal von Eger von 2-300 Meter hohen H\u00fcgeln umgeben. Nord\u00f6stlich von der Stadt liegt die grosse Fl\u00e4che vom Berg Nagy-Eged, welcher [&hellip;]<\/p>\n","protected":false},"author":1,"featured_media":0,"parent":0,"menu_order":0,"comment_status":"closed","ping_status":"closed","template":"","meta":{"_et_pb_use_builder":"on","_et_pb_old_content":"This is an example page. It's different from a blog post because it will stay in one place and will show up in your site navigation (in most themes). Most people start with an About page that introduces them to potential site visitors. It might say something like this:\r\n\r\n<blockquote>Hi there! I'm a bike messenger by day, aspiring actor by night, and this is my website. I live in Los Angeles, have a great dog named Jack, and I like pi\u00f1a coladas. (And gettin' caught in the rain.)<\/blockquote>\r\n\r\n...or something like this:\r\n\r\n<blockquote>The XYZ Doohickey Company was founded in 1971, and has been providing quality doohickeys to the public ever since. Located in Gotham City, XYZ employs over 2,000 people and does all kinds of awesome things for the Gotham community.<\/blockquote>\r\n\r\nAs a new WordPress user, you should go to <a href=\"http:\/\/hundertweinhaus.fodof.eu\/wp-admin\/\">your dashboard<\/a> to delete this page and create new pages for your content. Have fun!","_et_gb_content_width":""},"_links":{"self":[{"href":"https:\/\/hundertweinhaus.com\/index.php?rest_route=\/wp\/v2\/pages\/815"}],"collection":[{"href":"https:\/\/hundertweinhaus.com\/index.php?rest_route=\/wp\/v2\/pages"}],"about":[{"href":"https:\/\/hundertweinhaus.com\/index.php?rest_route=\/wp\/v2\/types\/page"}],"author":[{"embeddable":true,"href":"https:\/\/hundertweinhaus.com\/index.php?rest_route=\/wp\/v2\/users\/1"}],"replies":[{"embeddable":true,"href":"https:\/\/hundertweinhaus.com\/index.php?rest_route=%2Fwp%2Fv2%2Fcomments&post=815"}],"version-history":[{"count":20,"href":"https:\/\/hundertweinhaus.com\/index.php?rest_route=\/wp\/v2\/pages\/815\/revisions"}],"predecessor-version":[{"id":3640,"href":"https:\/\/hundertweinhaus.com\/index.php?rest_route=\/wp\/v2\/pages\/815\/revisions\/3640"}],"wp:attachment":[{"href":"https:\/\/hundertweinhaus.com\/index.php?rest_route=%2Fwp%2Fv2%2Fmedia&parent=815"}],"curies":[{"name":"wp","href":"https:\/\/api.w.org\/{rel}","templated":true}]}}